{"id":15622,"date":"2022-06-13T16:47:05","date_gmt":"2022-06-13T14:47:05","guid":{"rendered":"http:\/\/vps-565ece63.vps.ovh.net\/?page_id=15622"},"modified":"2023-01-16T10:15:05","modified_gmt":"2023-01-16T09:15:05","slug":"politique-de-confidentialite","status":"publish","type":"page","link":"https:\/\/mediaco-groupe.com\/en\/privacy-policy\/","title":{"rendered":"Politique de Confidentialit\u00e9 &#038; Gestion des cookies"},"content":{"rendered":"<div data-elementor-type=\"wp-page\" data-elementor-id=\"15622\" class=\"elementor elementor-15622\" data-elementor-post-type=\"page\">\n\t\t\t\t\t\t<section class=\"elementor-section elementor-top-section elementor-element elementor-element-58e291ed elementor-section-height-min-height elementor-section-boxed elementor-section-height-default elementor-section-items-middle\" data-id=\"58e291ed\" data-element_type=\"section\" data-e-type=\"section\">\n\t\t\t\t\t\t<div class=\"elementor-container elementor-column-gap-default\">\n\t\t\t\t\t<div class=\"elementor-column elementor-col-100 elementor-top-column elementor-element elementor-element-1059155d\" data-id=\"1059155d\" data-element_type=\"column\" data-e-type=\"column\">\n\t\t\t<div class=\"elementor-widget-wrap elementor-element-populated\">\n\t\t\t\t\t\t<div class=\"elementor-element elementor-element-361596b animated-fast elementor-invisible elementor-widget elementor-widget-heading\" data-id=\"361596b\" data-element_type=\"widget\" data-e-type=\"widget\" data-settings=\"{&quot;_animation_tablet&quot;:&quot;fadeInDown&quot;,&quot;_animation&quot;:&quot;fadeInDown&quot;}\" data-widget_type=\"heading.default\">\n\t\t\t\t<div class=\"elementor-widget-container\">\n\t\t\t\t\t<h2 class=\"elementor-heading-title elementor-size-default\">Privacy Policy &amp; Cookie Management.<\/h2>\t\t\t\t<\/div>\n\t\t\t\t<\/div>\n\t\t\t\t<div class=\"elementor-element elementor-element-ec84832 animated-fast elementor-invisible elementor-widget elementor-widget-html\" data-id=\"ec84832\" data-element_type=\"widget\" data-e-type=\"widget\" data-settings=\"{&quot;_animation&quot;:&quot;fadeInUp&quot;}\" data-widget_type=\"html.default\">\n\t\t\t\t<div class=\"elementor-widget-container\">\n\t\t\t\t\t<div class=\"rectangle-jaune\"><\/div>\t\t\t\t<\/div>\n\t\t\t\t<\/div>\n\t\t\t\t<div class=\"elementor-element elementor-element-257c05bc animated-fast elementor-invisible elementor-widget elementor-widget-text-editor\" data-id=\"257c05bc\" data-element_type=\"widget\" data-e-type=\"widget\" data-settings=\"{&quot;_animation&quot;:&quot;fadeInUp&quot;}\" data-widget_type=\"text-editor.default\">\n\t\t\t\t<div class=\"elementor-widget-container\">\n\t\t\t\t\t\t\t\t\t<h3>1. Personal data<\/h3><p>This Privacy Policy sets out Mediaco's commitments regarding the protection of your Personal Data in your capacity as a user of the services. It presents the modalities of collection and use of your personal data as well as your rights in this respect.<\/p><p>In general, you can visit the Mediaco website without providing any personal information about yourself. In any case, you are in no way obliged to transmit this information to Mediaco.<\/p><p>Nevertheless, in case of refusal, you may not be able to benefit from certain information or services that you have requested. In this respect, Mediaco may in some cases ask you to provide your surname, first name, e-mail address, telephone number, company and function. By providing this information, you expressly accept that it will be processed by Mediaco, for the purposes indicated in point 3 below.<\/p><h5>General aspects<\/h5><p>This Privacy Policy may change in accordance with applicable laws and regulations. It applies in addition to the General Conditions of Use.<\/p><p>Below you will find all our commitments in terms of confidentiality, security and protection of the personal information you provide to us. The purpose of this Privacy Policy is to provide simple, clear and complete information about the processing of your Personal Information by Mediaco. Mediaco attaches the greatest importance and care to the protection of privacy and personal data.<\/p><p>Mediaco respects the law \"Informatique et Libert\u00e9s\" n\u00b0 78 of 6 January 1978 modified, the law for the \"Confiance et l'Economie Num\u00e9rique\" n\u00b0 2004 - 575 of 21 June 2004 as well as the General Data Protection Regulation 2016\/679 of 27 April 2016 (\"GDPR\").<\/p><h5>1. Definitions<\/h5><p>The terms mentioned below have the following meaning in this Privacy Policy:<\/p><p><strong>DATA CONTROLLER:<\/strong>\u00a0Refers to the entity that determines the means and purposes of a processing of Personal Data<\/p><p><strong>SUBCONTRACTOR<\/strong>\u00a0: Refers to the entity processing Personal Data on behalf of the DATA CONTROLLER, acting under the authority and instruction of the DATA CONTROLLER.<\/p><p><strong>USER:<\/strong>\u00a0Refers to the person whose data is processed by Mediaco through his\/her registration on the site.<\/p><p><strong>PERSONAL DATA:<\/strong>\u00a0Personal Data: Personal Data is any information relating to an identified or identifiable natural person, i.e. a person who can be identified, directly or indirectly, by reference to an identification number or to one or more factors specific to that person.<\/p><p><strong>PROCESSING OF PERSONAL DATA:<\/strong> Processing of Personal Data: Any operation or set of operations relating to such data, whatever the process used, and in particular the collection, recording, organisation, storage, adaptation or modification, extraction, consultation, use, communication by transmission, dissemination or any other form of making available, reconciliation or interconnection, as well as the blocking, erasure or destruction, shall constitute processing.<\/p><h5>2. Identity of the controller<\/h5><p>Mediaco is the entity that acts as the data controller in the sense of the applicable regulations on personal data and in particular the RGPD. Mediaco is a public limited company with a board of directors, registered under the number 32579356000021 and with its registered office at<span style=\"color: #1d1d1b; font-family: var( --e-global-typography-ae6356f-font-family ); font-size: var( --e-global-typography-ae6356f-font-size ); font-weight: var( --e-global-typography-ae6356f-font-weight ); letter-spacing: var( --e-global-typography-ae6356f-letter-spacing ); word-spacing: var( --e-global-typography-ae6356f-word-spacing );\">Espace Jean-Jacques Vernazza 17 avenue Andr\u00e9 Roussin 13016 Marseille, France.<\/span><\/p><h5>3. Purposes and legal bases of the processing<\/h5><p>The purposes for which your personal data is processed are specified to you when the data is first collected, usually in a \"Protection of personal data\" section on the collection medium. Your personal data will not be processed after collection in a way that is incompatible with these purposes or for other purposes without first providing you with information about these new purposes.<\/p><p>Mediaco may process your personal information:<\/p><p>(a) for the purpose of collecting information to help us improve our Site, products and services (including through the use of cookies); and\/or<\/p><p>In any case, and for each defined purpose, Mediaco will do everything in its power to ensure the security and confidentiality of the personal data entrusted to them, in compliance with the laws and regulations in force.<\/p><h5>4. Data collected<\/h5><p>When you provide some of your personal data through the collection forms, the mandatory fields are indicated, either literally or by asterisks: you will have to provide the corresponding information in order to be able to use the service offered or to benefit from the processing of your request.<\/p><p>Whatever the method of collection, Mediaco undertakes to inform you of the purposes of the processing, the recipients of the data, the existence of your rights and how to exercise them.<\/p><h5>5. Data security<\/h5><p>In any case, and for each defined purpose, Mediaco will do everything in its power to ensure the security and confidentiality of the personal data entrusted to it, in compliance with the laws and regulations in force. All processing carried out by Mediaco is secure and confidential. Only authorised persons have access to your personal data. The data is processed and stored on a secure server located in France at a certified health data host (HDS).<\/p><p>Our employees are aware of the need for confidentiality and we demand a high level of data protection when selecting our subcontractors and partners.<\/p><p>In the event of a data breach or any request to exercise rights from an end-user of our solution, we must alert you in order to take the necessary measures and follow the appropriate procedure.<\/p><h5>6. Recipients of the data<\/h5><p>Only Mediaco is the recipient of your personal information. This information, whether in individual or aggregated form, is never transmitted to a third party, notwithstanding the subcontractors that Mediaco uses (you will find more information about them in point 7 below). Neither Mediaco nor any of its subcontractors market the personal data of visitors and Users of its Site.<\/p><h5>7. Duration of data retention<\/h5><p>Your Personal Information is kept by Mediaco only for the time corresponding to the purpose of the collection as indicated in 3 above, which will in any case not exceed 24 months.<\/p><h5>8. Transfer of Personal Data outside of the European Union &amp; Authorised Providers<\/h5><p>Mediaco informs you that it has recourse to its authorised service providers to facilitate the collection and processing of the data that you have communicated to us. These service providers may be located outside of the European Union and have access to the data collected through the various forms on the Site (with the exception of the form allowing you to exercise your rights to information technology and civil liberties, which is offered and operated by Mediaco).<\/p><p>Mediaco has previously ensured that its service providers provide adequate guarantees and comply with strict conditions regarding confidentiality, use and data protection. In particular, vigilance has been exercised with regard to the existence of a legal basis for any transfer of data to a third country. In this respect, one of our service providers is subject to internal company rules (or \"Binding Corporate Rules\") which were approved by the CNIL in 2016, while the others obey not only Standard Contractual Clauses but also the Privacy Shield.<\/p>\t\t\t\t\t\t\t\t<\/div>\n\t\t\t\t<\/div>\n\t\t\t\t\t<\/div>\n\t\t<\/div>\n\t\t\t\t\t<\/div>\n\t\t<\/section>\n\t\t\t\t<\/div>","protected":false},"excerpt":{"rendered":"<p>Politique de Confidentialit\u00e9 &amp; Gestion des cookies. 1. Donn\u00e9es personnelles La pr\u00e9sente Politique de Confidentialit\u00e9 pr\u00e9sente les engagements de Mediaco concernant la protection de vos Donn\u00e9es \u00e0 Caract\u00e8re Personnelles en votre qualit\u00e9 d\u2019utilisateur des services. Elle pr\u00e9sente les modalit\u00e9s de recueil et d\u2019utilisation des donn\u00e9es personnelles vous concernant ainsi que vos droits \u00e0 cet \u00e9gard. [&hellip;]<\/p>","protected":false},"author":1,"featured_media":0,"parent":0,"menu_order":0,"comment_status":"closed","ping_status":"closed","template":"elementor_header_footer","meta":{"footnotes":""},"class_list":["post-15622","page","type-page","status-publish","hentry"],"yoast_head":"<!-- This site is optimized with the Yoast SEO plugin v27.4 - https:\/\/yoast.com\/product\/yoast-seo-wordpress\/ -->\n<title>Politique de Confidentialit\u00e9 &amp; Gestion des cookies - MEDIACO<\/title>\n<meta name=\"description\" content=\"D\u00e9couvrez notre charque de politique de confidentialit\u00e9 et la gestion des cookies sur le site Mediaco Levage.\" \/>\n<meta name=\"robots\" content=\"noindex, nofollow\" \/>\n<meta property=\"og:locale\" content=\"en_GB\" \/>\n<meta property=\"og:type\" content=\"article\" \/>\n<meta property=\"og:title\" content=\"Politique de Confidentialit\u00e9 &amp; Gestion des cookies - MEDIACO\" \/>\n<meta property=\"og:description\" content=\"D\u00e9couvrez notre charque de politique de confidentialit\u00e9 et la gestion des cookies sur le site Mediaco Levage.\" \/>\n<meta property=\"og:url\" content=\"https:\/\/mediaco-groupe.com\/en\/privacy-policy\/\" \/>\n<meta property=\"og:site_name\" content=\"Location et vente de nacelles, grues, mat\u00e9riels de levage - Mediaco\" \/>\n<meta property=\"article:publisher\" content=\"https:\/\/www.facebook.com\/GroupeMediaco\" \/>\n<meta property=\"article:modified_time\" content=\"2023-01-16T09:15:05+00:00\" \/>\n<meta name=\"twitter:card\" content=\"summary_large_image\" \/>\n<meta name=\"twitter:site\" content=\"@GroupeMediaco\" \/>\n<meta name=\"twitter:label1\" content=\"Estimated reading time\" \/>\n\t<meta name=\"twitter:data1\" content=\"7 minutes\" \/>\n<script type=\"application\/ld+json\" class=\"yoast-schema-graph\">{\"@context\":\"https:\\\/\\\/schema.org\",\"@graph\":[{\"@type\":\"WebPage\",\"@id\":\"https:\\\/\\\/mediaco-groupe.com\\\/fr\\\/politique-de-confidentialite\\\/\",\"url\":\"https:\\\/\\\/mediaco-groupe.com\\\/fr\\\/politique-de-confidentialite\\\/\",\"name\":\"Politique de Confidentialit\u00e9 & Gestion des cookies - MEDIACO\",\"isPartOf\":{\"@id\":\"https:\\\/\\\/mediaco-groupe.com\\\/fr\\\/#website\"},\"datePublished\":\"2022-06-13T14:47:05+00:00\",\"dateModified\":\"2023-01-16T09:15:05+00:00\",\"description\":\"D\u00e9couvrez notre charque de politique de confidentialit\u00e9 et la gestion des cookies sur le site Mediaco Levage.\",\"breadcrumb\":{\"@id\":\"https:\\\/\\\/mediaco-groupe.com\\\/fr\\\/politique-de-confidentialite\\\/#breadcrumb\"},\"inLanguage\":\"en-GB\",\"potentialAction\":[{\"@type\":\"ReadAction\",\"target\":[\"https:\\\/\\\/mediaco-groupe.com\\\/fr\\\/politique-de-confidentialite\\\/\"]}]},{\"@type\":\"BreadcrumbList\",\"@id\":\"https:\\\/\\\/mediaco-groupe.com\\\/fr\\\/politique-de-confidentialite\\\/#breadcrumb\",\"itemListElement\":[{\"@type\":\"ListItem\",\"position\":1,\"name\":\"Accueil\",\"item\":\"https:\\\/\\\/mediaco-groupe.com\\\/fr\\\/\"},{\"@type\":\"ListItem\",\"position\":2,\"name\":\"Politique de Confidentialit\u00e9 &#038; Gestion des cookies\"}]},{\"@type\":\"WebSite\",\"@id\":\"https:\\\/\\\/mediaco-groupe.com\\\/fr\\\/#website\",\"url\":\"https:\\\/\\\/mediaco-groupe.com\\\/fr\\\/\",\"name\":\"Location et vente de nacelles, grues, mat\u00e9riels de levage - Mediaco\",\"description\":\"Premier r\u00e9seau en France dans le Levage et la Manutention\",\"publisher\":{\"@id\":\"https:\\\/\\\/mediaco-groupe.com\\\/fr\\\/#organization\"},\"potentialAction\":[{\"@type\":\"SearchAction\",\"target\":{\"@type\":\"EntryPoint\",\"urlTemplate\":\"https:\\\/\\\/mediaco-groupe.com\\\/fr\\\/?s={search_term_string}\"},\"query-input\":{\"@type\":\"PropertyValueSpecification\",\"valueRequired\":true,\"valueName\":\"search_term_string\"}}],\"inLanguage\":\"en-GB\"},{\"@type\":\"Organization\",\"@id\":\"https:\\\/\\\/mediaco-groupe.com\\\/fr\\\/#organization\",\"name\":\"Mediaco Levage\",\"url\":\"https:\\\/\\\/mediaco-groupe.com\\\/fr\\\/\",\"logo\":{\"@type\":\"ImageObject\",\"inLanguage\":\"en-GB\",\"@id\":\"https:\\\/\\\/mediaco-groupe.com\\\/fr\\\/#\\\/schema\\\/logo\\\/image\\\/\",\"url\":\"https:\\\/\\\/mediaco-groupe.com\\\/wp-content\\\/uploads\\\/2022\\\/01\\\/logo-mediaco.svg\",\"contentUrl\":\"https:\\\/\\\/mediaco-groupe.com\\\/wp-content\\\/uploads\\\/2022\\\/01\\\/logo-mediaco.svg\",\"width\":590,\"height\":72,\"caption\":\"Mediaco Levage\"},\"image\":{\"@id\":\"https:\\\/\\\/mediaco-groupe.com\\\/fr\\\/#\\\/schema\\\/logo\\\/image\\\/\"},\"sameAs\":[\"https:\\\/\\\/www.facebook.com\\\/GroupeMediaco\",\"https:\\\/\\\/x.com\\\/GroupeMediaco\",\"https:\\\/\\\/www.linkedin.com\\\/company\\\/mediaco\\\/\",\"https:\\\/\\\/www.youtube.com\\\/MediacoLevage\",\"https:\\\/\\\/www.instagram.com\\\/groupemediaco\\\/\"]}]}<\/script>\n<!-- \/ Yoast SEO plugin. -->","yoast_head_json":{"title":"Privacy Policy &amp; Cookie Management - MEDIACO","description":"Find out about our privacy policy and cookie management on the Mediaco Levage website.","robots":{"index":"noindex","follow":"nofollow"},"og_locale":"en_GB","og_type":"article","og_title":"Politique de Confidentialit\u00e9 & Gestion des cookies - MEDIACO","og_description":"D\u00e9couvrez notre charque de politique de confidentialit\u00e9 et la gestion des cookies sur le site Mediaco Levage.","og_url":"https:\/\/mediaco-groupe.com\/en\/privacy-policy\/","og_site_name":"Location et vente de nacelles, grues, mat\u00e9riels de levage - Mediaco","article_publisher":"https:\/\/www.facebook.com\/GroupeMediaco","article_modified_time":"2023-01-16T09:15:05+00:00","twitter_card":"summary_large_image","twitter_site":"@GroupeMediaco","twitter_misc":{"Estimated reading time":"7 minutes"},"schema":{"@context":"https:\/\/schema.org","@graph":[{"@type":"WebPage","@id":"https:\/\/mediaco-groupe.com\/fr\/politique-de-confidentialite\/","url":"https:\/\/mediaco-groupe.com\/fr\/politique-de-confidentialite\/","name":"Privacy Policy &amp; Cookie Management - MEDIACO","isPartOf":{"@id":"https:\/\/mediaco-groupe.com\/fr\/#website"},"datePublished":"2022-06-13T14:47:05+00:00","dateModified":"2023-01-16T09:15:05+00:00","description":"Find out about our privacy policy and cookie management on the Mediaco Levage website.","breadcrumb":{"@id":"https:\/\/mediaco-groupe.com\/fr\/politique-de-confidentialite\/#breadcrumb"},"inLanguage":"en-GB","potentialAction":[{"@type":"ReadAction","target":["https:\/\/mediaco-groupe.com\/fr\/politique-de-confidentialite\/"]}]},{"@type":"BreadcrumbList","@id":"https:\/\/mediaco-groupe.com\/fr\/politique-de-confidentialite\/#breadcrumb","itemListElement":[{"@type":"ListItem","position":1,"name":"Accueil","item":"https:\/\/mediaco-groupe.com\/fr\/"},{"@type":"ListItem","position":2,"name":"Politique de Confidentialit\u00e9 &#038; Gestion des cookies"}]},{"@type":"WebSite","@id":"https:\/\/mediaco-groupe.com\/fr\/#website","url":"https:\/\/mediaco-groupe.com\/fr\/","name":"Location et vente de nacelles, grues, mat\u00e9riels de levage - Mediaco","description":"Premier r\u00e9seau en France dans le Levage et la Manutention","publisher":{"@id":"https:\/\/mediaco-groupe.com\/fr\/#organization"},"potentialAction":[{"@type":"SearchAction","target":{"@type":"EntryPoint","urlTemplate":"https:\/\/mediaco-groupe.com\/fr\/?s={search_term_string}"},"query-input":{"@type":"PropertyValueSpecification","valueRequired":true,"valueName":"search_term_string"}}],"inLanguage":"en-GB"},{"@type":"Organization","@id":"https:\/\/mediaco-groupe.com\/fr\/#organization","name":"Mediaco Levage","url":"https:\/\/mediaco-groupe.com\/fr\/","logo":{"@type":"ImageObject","inLanguage":"en-GB","@id":"https:\/\/mediaco-groupe.com\/fr\/#\/schema\/logo\/image\/","url":"https:\/\/mediaco-groupe.com\/wp-content\/uploads\/2022\/01\/logo-mediaco.svg","contentUrl":"https:\/\/mediaco-groupe.com\/wp-content\/uploads\/2022\/01\/logo-mediaco.svg","width":590,"height":72,"caption":"Mediaco Levage"},"image":{"@id":"https:\/\/mediaco-groupe.com\/fr\/#\/schema\/logo\/image\/"},"sameAs":["https:\/\/www.facebook.com\/GroupeMediaco","https:\/\/x.com\/GroupeMediaco","https:\/\/www.linkedin.com\/company\/mediaco\/","https:\/\/www.youtube.com\/MediacoLevage","https:\/\/www.instagram.com\/groupemediaco\/"]}]}},"_links":{"self":[{"href":"https:\/\/mediaco-groupe.com\/en\/wp-json\/wp\/v2\/pages\/15622","targetHints":{"allow":["GET"]}}],"collection":[{"href":"https:\/\/mediaco-groupe.com\/en\/wp-json\/wp\/v2\/pages"}],"about":[{"href":"https:\/\/mediaco-groupe.com\/en\/wp-json\/wp\/v2\/types\/page"}],"author":[{"embeddable":true,"href":"https:\/\/mediaco-groupe.com\/en\/wp-json\/wp\/v2\/users\/1"}],"replies":[{"embeddable":true,"href":"https:\/\/mediaco-groupe.com\/en\/wp-json\/wp\/v2\/comments?post=15622"}],"version-history":[{"count":1,"href":"https:\/\/mediaco-groupe.com\/en\/wp-json\/wp\/v2\/pages\/15622\/revisions"}],"predecessor-version":[{"id":26476,"href":"https:\/\/mediaco-groupe.com\/en\/wp-json\/wp\/v2\/pages\/15622\/revisions\/26476"}],"wp:attachment":[{"href":"https:\/\/mediaco-groupe.com\/en\/wp-json\/wp\/v2\/media?parent=15622"}],"curies":[{"name":"wp","href":"https:\/\/api.w.org\/{rel}","templated":true}]}}