{"id":15622,"date":"2022-06-13T16:47:05","date_gmt":"2022-06-13T14:47:05","guid":{"rendered":"http:\/\/vps-565ece63.vps.ovh.net\/?page_id=15622"},"modified":"2023-01-16T10:15:05","modified_gmt":"2023-01-16T09:15:05","slug":"politique-de-confidentialite","status":"publish","type":"page","link":"https:\/\/mediaco-groupe.com\/fr\/politique-de-confidentialite\/","title":{"rendered":"Politique de Confidentialit\u00e9 &#038; Gestion des cookies"},"content":{"rendered":"\t\t<div data-elementor-type=\"wp-page\" data-elementor-id=\"15622\" class=\"elementor elementor-15622\" data-elementor-post-type=\"page\">\n\t\t\t\t\t\t<section class=\"elementor-section elementor-top-section elementor-element elementor-element-58e291ed elementor-section-height-min-height elementor-section-boxed elementor-section-height-default elementor-section-items-middle\" data-id=\"58e291ed\" data-element_type=\"section\" data-e-type=\"section\">\n\t\t\t\t\t\t<div class=\"elementor-container elementor-column-gap-default\">\n\t\t\t\t\t<div class=\"elementor-column elementor-col-100 elementor-top-column elementor-element elementor-element-1059155d\" data-id=\"1059155d\" data-element_type=\"column\" data-e-type=\"column\">\n\t\t\t<div class=\"elementor-widget-wrap elementor-element-populated\">\n\t\t\t\t\t\t<div class=\"elementor-element elementor-element-361596b animated-fast elementor-invisible elementor-widget elementor-widget-heading\" data-id=\"361596b\" data-element_type=\"widget\" data-e-type=\"widget\" data-settings=\"{&quot;_animation_tablet&quot;:&quot;fadeInDown&quot;,&quot;_animation&quot;:&quot;fadeInDown&quot;}\" data-widget_type=\"heading.default\">\n\t\t\t\t<div class=\"elementor-widget-container\">\n\t\t\t\t\t<h2 class=\"elementor-heading-title elementor-size-default\">Politique de Confidentialit\u00e9 &amp; Gestion des cookies.<\/h2>\t\t\t\t<\/div>\n\t\t\t\t<\/div>\n\t\t\t\t<div class=\"elementor-element elementor-element-ec84832 animated-fast elementor-invisible elementor-widget elementor-widget-html\" data-id=\"ec84832\" data-element_type=\"widget\" data-e-type=\"widget\" data-settings=\"{&quot;_animation&quot;:&quot;fadeInUp&quot;}\" data-widget_type=\"html.default\">\n\t\t\t\t<div class=\"elementor-widget-container\">\n\t\t\t\t\t<div class=\"rectangle-jaune\"><\/div>\t\t\t\t<\/div>\n\t\t\t\t<\/div>\n\t\t\t\t<div class=\"elementor-element elementor-element-257c05bc animated-fast elementor-invisible elementor-widget elementor-widget-text-editor\" data-id=\"257c05bc\" data-element_type=\"widget\" data-e-type=\"widget\" data-settings=\"{&quot;_animation&quot;:&quot;fadeInUp&quot;}\" data-widget_type=\"text-editor.default\">\n\t\t\t\t<div class=\"elementor-widget-container\">\n\t\t\t\t\t\t\t\t\t<h3>1. Donn\u00e9es personnelles<\/h3><p>La pr\u00e9sente Politique de Confidentialit\u00e9 pr\u00e9sente les engagements de Mediaco concernant la protection de vos Donn\u00e9es \u00e0 Caract\u00e8re Personnelles en votre qualit\u00e9 d\u2019utilisateur des services. Elle pr\u00e9sente les modalit\u00e9s de recueil et d\u2019utilisation des donn\u00e9es personnelles vous concernant ainsi que vos droits \u00e0 cet \u00e9gard.<\/p><p>D\u2019une mani\u00e8re g\u00e9n\u00e9rale, il vous est possible de visiter le site de Mediaco sans communiquer aucune information personnelle vous concernant. En toute hypoth\u00e8se, vous \u00eates en aucune mani\u00e8re oblig\u00e9 de transmettre ces informations \u00e0 Mediaco.<\/p><p>N\u00e9anmoins, en cas de refus, il se peut que vous ne puissiez pas b\u00e9n\u00e9ficier de certaines informations ou services que vous avez demand\u00e9. A ce titre en effet, Mediaco peut \u00eatre amen\u00e9 dans certains cas \u00e0 vous demander de renseigner vos nom, pr\u00e9nom, adresse mail, num\u00e9ro t\u00e9l\u00e9phone, entreprise et fonction. En fournissant ces informations, vous acceptez express\u00e9ment qu\u2019elles soient trait\u00e9es par Mediaco, aux fins indiqu\u00e9es au point 3 ci-dessous.<\/p><h5>Aspects g\u00e9n\u00e9raux<\/h5><p>La pr\u00e9sente Politique de Confidentialit\u00e9 pourra \u00eatre amen\u00e9e \u00e0 \u00e9voluer en fonction du contexte l\u00e9gal et r\u00e9glementaire applicable. Elle s\u2019applique en compl\u00e9ment des Conditions G\u00e9n\u00e9rales d\u2019Utilisation.<\/p><p>Vous trouverez ci-dessous l\u2019ensemble de nos engagements en termes de confidentialit\u00e9, s\u00e9curit\u00e9 et protection des informations personnelles que vous nous fournissez. Cette politique de Confidentialit\u00e9 a pour objectif de fournir une information simple, claire et compl\u00e8te sur les traitements de Donn\u00e9es \u00e0 Caract\u00e8re Personnel vous concernant et mis en \u0153uvre par Mediaco. En effet Mediaco accorde la plus grande importance et le plus grand soin \u00e0 la protection de la vie priv\u00e9e et des donn\u00e9es \u00e0 caract\u00e8re personnel.<\/p><p>Mediaco respecte la loi \u00ab Informatique et Libert\u00e9s \u00bb n\u00b0 78 du 6 janvier 1978 modifi\u00e9e, la loi pour la \u00ab Confiance et l\u2019Economie Num\u00e9rique \u00bb n\u00b0 2004 \u2013 575 du 21 juin 2004 ainsi que le R\u00e8glement G\u00e9n\u00e9ral sur la Protection des Donn\u00e9es 2016\/679 du 27 avril 2016 (\u00ab RGPD \u00bb).<\/p><h5>1. D\u00e9finitions<\/h5><p>Les termes, mentionn\u00e9s ci-dessous ont, dans la pr\u00e9sente Politique de confidentialit\u00e9, la signification suivante :<\/p><p><strong>RESPONSABLE DE TRAITEMENT<\/strong>\u00a0: D\u00e9signe l\u2019entit\u00e9 qui d\u00e9termine les moyens et finalit\u00e9s d\u2019un traitement de Donn\u00e9es \u00e0 Caract\u00e8re Personnel<\/p><p><strong>SOUS-TRAITANT<\/strong>\u00a0: D\u00e9signe l\u2019entit\u00e9 traitant des Donn\u00e9es \u00e0 Caract\u00e8re Personnel pour le compte du RESPONSABLE DE TRAITEMENT, qui agit sous l\u2019autorit\u00e9 et sur instruction de celui-ci.<\/p><p><strong>UTILISATEUR<\/strong>\u00a0: D\u00e9signe la personne qui fait l\u2019objet du traitement de ses donn\u00e9es par Mediaco \u00e0 travers son inscription sur le site.<\/p><p><strong>DONNEES A CARACTERE PERSONNEL<\/strong>\u00a0: Constitue une Donn\u00e9e \u00e0 Caract\u00e8re Personnel toute information relative \u00e0 une personne physique identifi\u00e9e ou identifiable, c\u2019est-\u00e0-dire qui peut \u00eatre identifi\u00e9e, directement ou indirectement, par r\u00e9f\u00e9rence \u00e0 un num\u00e9ro d\u2019identification ou \u00e0 un ou plusieurs \u00e9l\u00e9ments qui lui sont propres.<\/p><p><strong>TRAITEMENT DE DONNEES A CARACTERE PERSONNEL<\/strong> : Constitue un traitement de Donn\u00e9es \u00e0 Caract\u00e8re Personnel toute op\u00e9ration ou tout ensemble d\u2019op\u00e9rations portant sur de telles donn\u00e9es, quel que soit le proc\u00e9d\u00e9 utilis\u00e9, et notamment la collecte, l\u2019enregistrement, l\u2019organisation, la conservation, l\u2019adaptation ou la modification, l\u2019extraction, la consultation, l\u2019utilisation, la communication par transmission, diffusion ou toute autre forme de mise \u00e0 disposition, le rapprochement ou l\u2019interconnexion, ainsi que le verrouillage, l\u2019effacement ou la destruction.<\/p><h5>2. Identit\u00e9 du responsable de traitement<\/h5><p>Mediaco est l\u2019entit\u00e9 qui agit en tant que responsable de traitement au sens de la r\u00e9glementation applicable en mati\u00e8re de donn\u00e9es personnelles et notamment du RGPD. La soci\u00e9t\u00e9 Mediaco est une soci\u00e9t\u00e9 anonyme \u00e0 conseil d&rsquo;administration, d\u00e9clar\u00e9e sous le n\u00b032579356000021\u00a0et ayant son si\u00e8ge social situ\u00e9 \u00e0 l&rsquo;<span style=\"color: #1d1d1b; font-family: var( --e-global-typography-ae6356f-font-family ); font-size: var( --e-global-typography-ae6356f-font-size ); font-weight: var( --e-global-typography-ae6356f-font-weight ); letter-spacing: var( --e-global-typography-ae6356f-letter-spacing ); word-spacing: var( --e-global-typography-ae6356f-word-spacing );\">Espace Jean-Jacques Vernazza 17 avenue Andr\u00e9 Roussin 13016 Marseille, France.<\/span><\/p><h5>3. Finalit\u00e9s et bases juridiques du traitement<\/h5><p>Les finalit\u00e9s de traitement de vos donn\u00e9es personnelles vous sont pr\u00e9cis\u00e9es au moment de la premi\u00e8re collecte de ces donn\u00e9es, le plus souvent dans une rubrique \u00ab Protection des donn\u00e9es \u00e0 caract\u00e8re personnel \u00bb pr\u00e9sente sur le support de collecte. Vos donn\u00e9es personnelles ne seront pas trait\u00e9es ult\u00e9rieurement \u00e0 leur collecte de mani\u00e8re incompatible avec ces finalit\u00e9s ou pour d\u2019autres finalit\u00e9s sans que les informations relatives \u00e0 ces nouvelles finalit\u00e9s ne vous soient fournies au pr\u00e9alable.<\/p><p>Mediaco\u00a0 est susceptible de traiter vos informations personnelles :<\/p><p>(a) aux fins de recueillir des informations nous permettant d\u2019am\u00e9liorer notre Site, nos produits et services (notamment par le biais de cookies) ; et\/ou<\/p><p>En tout \u00e9tat de cause, et pour chaque finalit\u00e9 d\u00e9finie, Mediaco mettra tous les moyens en sa possession pour assurer la s\u00e9curit\u00e9 et la confidentialit\u00e9 des donn\u00e9es \u00e0 caract\u00e8re personnel qui leur sont confi\u00e9es, dans le respect des lois et r\u00e8glements en vigueur.<\/p><h5>4. Donn\u00e9es collect\u00e9es<\/h5><p>Lorsque vous fournissez certaines de vos donn\u00e9es personnelles \u00e0 travers les formulaires de collecte, les champs obligatoires vous sont indiqu\u00e9s, soit litt\u00e9ralement, soit par des ast\u00e9risques : vous devrez fournir les informations correspondantes afin de pouvoir utiliser le service propos\u00e9 ou b\u00e9n\u00e9ficier d\u2019un traitement de votre demande.<\/p><p>Quel que soit le mode de collecte, Mediaco s\u2019engage \u00e0 vous informer des finalit\u00e9s du traitement, des destinataires des donn\u00e9es, de l\u2019existence et des modalit\u00e9s d\u2019exercice de vos droits<\/p><h5>5. S\u00e9curit\u00e9 des donn\u00e9es<\/h5><p>En tout \u00e9tat de cause, et pour chaque finalit\u00e9 d\u00e9finie, Mediaco mettra tous les moyens en sa possession pour assurer la s\u00e9curit\u00e9 et la confidentialit\u00e9 des donn\u00e9es \u00e0 caract\u00e8re personnel qui lui sont confi\u00e9es, dans le respect des lois et r\u00e8glement en vigueur. Tous les traitements r\u00e9alis\u00e9s par Mediaco sont s\u00e9curis\u00e9s et confidentiels. Seules les personnes habilit\u00e9es ont acc\u00e8s \u00e0 vos donn\u00e9es personnelles. Les donn\u00e9es sont trait\u00e9es et conserv\u00e9es sur un serveur s\u00e9curis\u00e9 localis\u00e9 en France aupr\u00e8s d\u2019un H\u00e9bergeur certifi\u00e9 de donn\u00e9es de sant\u00e9 (HDS).<\/p><p>Nos collaborateurs sont sensibilis\u00e9s aux exigences de confidentialit\u00e9 et nous exigeons un haut degr\u00e9 d\u2019exigence en mati\u00e8re de protection des donn\u00e9es lors de la s\u00e9lection de nos sous-traitants et partenaires.<\/p><p>En cas de violation de donn\u00e9es ou toute demande d\u2019exercice de droits de la part d\u2019un utilisateur final de notre solution, nous devons vous alerter afin de prendre les mesures n\u00e9cessaires et suivre la proc\u00e9dure adapt\u00e9e.<\/p><h5>6. Destinataires des donn\u00e9es<\/h5><p>Seul Mediaco est destinataire de vos informations personnelles. Celles-ci, que ce soit sous forme individuelle ou agr\u00e9g\u00e9e, ne sont jamais transmises \u00e0 un tiers, nonobstant les sous-traitants auxquels Mediaco fait appel (vous trouverez de plus amples informations \u00e0 leur sujet au point 7 ci-dessous). Ni Mediaco, ni l\u2019un quelconque de ses sous-traitants, ne proc\u00e8dent \u00e0 la commercialisation des donn\u00e9es personnelles des visiteurs et Utilisateurs de son Site.<\/p><h5>7. Dur\u00e9e de conservation des donn\u00e9es<\/h5><p>Vos Informations Personnelles sont conserv\u00e9es par Mediaco\u00a0 uniquement pour le temps correspondant \u00e0 la finalit\u00e9 de la collecte tel qu\u2019indiqu\u00e9 en 3 ci-dessus qui ne saurait en tout \u00e9tat de cause exc\u00e9der 24 mois.<\/p><h5>8. Transfert de Donn\u00e9es \u00e0 Caract\u00e8re Personnel en dehors de l\u2019Union Europ\u00e9enne &amp; Prestataires habilit\u00e9s<\/h5><p>Mediaco\u00a0 vous informe qu\u2019il a recours \u00e0 ses prestataires habilit\u00e9s pour faciliter le recueil et le traitement des donn\u00e9es que vous nous avez communiqu\u00e9. Ces prestataires peuvent \u00eatre situ\u00e9s en dehors de l\u2019Union Europ\u00e9enne et ont communication des donn\u00e9es recueillies par le biais des divers formulaires pr\u00e9sents sur le Site (\u00e0 l\u2019exception du formulaire vous permettant d\u2019exercer vos droits Informatique et Libert\u00e9s qui est propos\u00e9 et exploit\u00e9 par Mediaco).<\/p><p>Mediaco s\u2019est pr\u00e9alablement assur\u00e9e de la mise en \u0153uvre par ses prestataires de garanties ad\u00e9quates et du respect de conditions strictes en mati\u00e8re de confidentialit\u00e9, d\u2019usage et de protection des donn\u00e9es. Tout particuli\u00e8rement, la vigilance s\u2019est port\u00e9e sur l\u2019existence d\u2019un fondement l\u00e9gal pour effectuer un quelconque transfert de donn\u00e9es vers un pays tiers. A ce titre, l\u2019un de nos prestataires est soumis \u00e0 des r\u00e8gles internes d\u2019entreprise (ou \u00ab Binding Corporate Rules \u00bb) qui ont \u00e9t\u00e9 approuv\u00e9es par la CNIL en 2016 quand les autres ob\u00e9issent non seulement \u00e0 des Clauses Contractuelles Types mais \u00e9galement au Privacy Shield.<\/p>\t\t\t\t\t\t\t\t<\/div>\n\t\t\t\t<\/div>\n\t\t\t\t\t<\/div>\n\t\t<\/div>\n\t\t\t\t\t<\/div>\n\t\t<\/section>\n\t\t\t\t<\/div>\n\t\t","protected":false},"excerpt":{"rendered":"<p>Politique de Confidentialit\u00e9 &amp; Gestion des cookies. 1. Donn\u00e9es personnelles La pr\u00e9sente Politique de Confidentialit\u00e9 pr\u00e9sente les engagements de Mediaco concernant la protection de vos Donn\u00e9es \u00e0 Caract\u00e8re Personnelles en votre qualit\u00e9 d\u2019utilisateur des services. Elle pr\u00e9sente les modalit\u00e9s de recueil et d\u2019utilisation des donn\u00e9es personnelles vous concernant ainsi que vos droits \u00e0 cet \u00e9gard. [&hellip;]<\/p>\n","protected":false},"author":1,"featured_media":0,"parent":0,"menu_order":0,"comment_status":"closed","ping_status":"closed","template":"elementor_header_footer","meta":{"footnotes":""},"class_list":["post-15622","page","type-page","status-publish","hentry"],"yoast_head":"<!-- This site is optimized with the Yoast SEO plugin v26.7 - https:\/\/yoast.com\/wordpress\/plugins\/seo\/ -->\n<title>Politique de Confidentialit\u00e9 &amp; Gestion des cookies - MEDIACO<\/title>\n<meta name=\"description\" content=\"D\u00e9couvrez notre charque de politique de confidentialit\u00e9 et la gestion des cookies sur le site Mediaco Levage.\" \/>\n<meta name=\"robots\" content=\"noindex, nofollow\" \/>\n<meta property=\"og:locale\" content=\"fr_FR\" \/>\n<meta property=\"og:type\" content=\"article\" \/>\n<meta property=\"og:title\" content=\"Politique de Confidentialit\u00e9 &amp; Gestion des cookies - MEDIACO\" \/>\n<meta property=\"og:description\" content=\"D\u00e9couvrez notre charque de politique de confidentialit\u00e9 et la gestion des cookies sur le site Mediaco Levage.\" \/>\n<meta property=\"og:url\" content=\"https:\/\/mediaco-groupe.com\/fr\/politique-de-confidentialite\/\" \/>\n<meta property=\"og:site_name\" content=\"Location et vente de nacelles, grues, mat\u00e9riels de levage - Mediaco\" \/>\n<meta property=\"article:publisher\" content=\"https:\/\/www.facebook.com\/GroupeMediaco\" \/>\n<meta property=\"article:modified_time\" content=\"2023-01-16T09:15:05+00:00\" \/>\n<meta name=\"twitter:card\" content=\"summary_large_image\" \/>\n<meta name=\"twitter:site\" content=\"@GroupeMediaco\" \/>\n<meta name=\"twitter:label1\" content=\"Dur\u00e9e de lecture estim\u00e9e\" \/>\n\t<meta name=\"twitter:data1\" content=\"7 minutes\" \/>\n<script type=\"application\/ld+json\" class=\"yoast-schema-graph\">{\"@context\":\"https:\/\/schema.org\",\"@graph\":[{\"@type\":\"WebPage\",\"@id\":\"https:\/\/mediaco-groupe.com\/fr\/politique-de-confidentialite\/\",\"url\":\"https:\/\/mediaco-groupe.com\/fr\/politique-de-confidentialite\/\",\"name\":\"Politique de Confidentialit\u00e9 & Gestion des cookies - MEDIACO\",\"isPartOf\":{\"@id\":\"https:\/\/mediaco-groupe.com\/fr\/#website\"},\"datePublished\":\"2022-06-13T14:47:05+00:00\",\"dateModified\":\"2023-01-16T09:15:05+00:00\",\"description\":\"D\u00e9couvrez notre charque de politique de confidentialit\u00e9 et la gestion des cookies sur le site Mediaco Levage.\",\"breadcrumb\":{\"@id\":\"https:\/\/mediaco-groupe.com\/fr\/politique-de-confidentialite\/#breadcrumb\"},\"inLanguage\":\"fr-FR\",\"potentialAction\":[{\"@type\":\"ReadAction\",\"target\":[\"https:\/\/mediaco-groupe.com\/fr\/politique-de-confidentialite\/\"]}]},{\"@type\":\"BreadcrumbList\",\"@id\":\"https:\/\/mediaco-groupe.com\/fr\/politique-de-confidentialite\/#breadcrumb\",\"itemListElement\":[{\"@type\":\"ListItem\",\"position\":1,\"name\":\"Accueil\",\"item\":\"https:\/\/mediaco-groupe.com\/fr\/\"},{\"@type\":\"ListItem\",\"position\":2,\"name\":\"Politique de Confidentialit\u00e9 &#038; Gestion des cookies\"}]},{\"@type\":\"WebSite\",\"@id\":\"https:\/\/mediaco-groupe.com\/fr\/#website\",\"url\":\"https:\/\/mediaco-groupe.com\/fr\/\",\"name\":\"Location et vente de nacelles, grues, mat\u00e9riels de levage - Mediaco\",\"description\":\"Premier r\u00e9seau en France dans le Levage et la Manutention\",\"publisher\":{\"@id\":\"https:\/\/mediaco-groupe.com\/fr\/#organization\"},\"potentialAction\":[{\"@type\":\"SearchAction\",\"target\":{\"@type\":\"EntryPoint\",\"urlTemplate\":\"https:\/\/mediaco-groupe.com\/fr\/?s={search_term_string}\"},\"query-input\":{\"@type\":\"PropertyValueSpecification\",\"valueRequired\":true,\"valueName\":\"search_term_string\"}}],\"inLanguage\":\"fr-FR\"},{\"@type\":\"Organization\",\"@id\":\"https:\/\/mediaco-groupe.com\/fr\/#organization\",\"name\":\"Mediaco Levage\",\"url\":\"https:\/\/mediaco-groupe.com\/fr\/\",\"logo\":{\"@type\":\"ImageObject\",\"inLanguage\":\"fr-FR\",\"@id\":\"https:\/\/mediaco-groupe.com\/fr\/#\/schema\/logo\/image\/\",\"url\":\"https:\/\/mediaco-groupe.com\/wp-content\/uploads\/2022\/01\/logo-mediaco.svg\",\"contentUrl\":\"https:\/\/mediaco-groupe.com\/wp-content\/uploads\/2022\/01\/logo-mediaco.svg\",\"width\":590,\"height\":72,\"caption\":\"Mediaco Levage\"},\"image\":{\"@id\":\"https:\/\/mediaco-groupe.com\/fr\/#\/schema\/logo\/image\/\"},\"sameAs\":[\"https:\/\/www.facebook.com\/GroupeMediaco\",\"https:\/\/x.com\/GroupeMediaco\",\"https:\/\/www.linkedin.com\/company\/mediaco\/\",\"https:\/\/www.youtube.com\/MediacoLevage\",\"https:\/\/www.instagram.com\/groupemediaco\/\"]}]}<\/script>\n<!-- \/ Yoast SEO plugin. -->","yoast_head_json":{"title":"Politique de Confidentialit\u00e9 & Gestion des cookies - MEDIACO","description":"D\u00e9couvrez notre charque de politique de confidentialit\u00e9 et la gestion des cookies sur le site Mediaco Levage.","robots":{"index":"noindex","follow":"nofollow"},"og_locale":"fr_FR","og_type":"article","og_title":"Politique de Confidentialit\u00e9 & Gestion des cookies - MEDIACO","og_description":"D\u00e9couvrez notre charque de politique de confidentialit\u00e9 et la gestion des cookies sur le site Mediaco Levage.","og_url":"https:\/\/mediaco-groupe.com\/fr\/politique-de-confidentialite\/","og_site_name":"Location et vente de nacelles, grues, mat\u00e9riels de levage - Mediaco","article_publisher":"https:\/\/www.facebook.com\/GroupeMediaco","article_modified_time":"2023-01-16T09:15:05+00:00","twitter_card":"summary_large_image","twitter_site":"@GroupeMediaco","twitter_misc":{"Dur\u00e9e de lecture estim\u00e9e":"7 minutes"},"schema":{"@context":"https:\/\/schema.org","@graph":[{"@type":"WebPage","@id":"https:\/\/mediaco-groupe.com\/fr\/politique-de-confidentialite\/","url":"https:\/\/mediaco-groupe.com\/fr\/politique-de-confidentialite\/","name":"Politique de Confidentialit\u00e9 & Gestion des cookies - MEDIACO","isPartOf":{"@id":"https:\/\/mediaco-groupe.com\/fr\/#website"},"datePublished":"2022-06-13T14:47:05+00:00","dateModified":"2023-01-16T09:15:05+00:00","description":"D\u00e9couvrez notre charque de politique de confidentialit\u00e9 et la gestion des cookies sur le site Mediaco Levage.","breadcrumb":{"@id":"https:\/\/mediaco-groupe.com\/fr\/politique-de-confidentialite\/#breadcrumb"},"inLanguage":"fr-FR","potentialAction":[{"@type":"ReadAction","target":["https:\/\/mediaco-groupe.com\/fr\/politique-de-confidentialite\/"]}]},{"@type":"BreadcrumbList","@id":"https:\/\/mediaco-groupe.com\/fr\/politique-de-confidentialite\/#breadcrumb","itemListElement":[{"@type":"ListItem","position":1,"name":"Accueil","item":"https:\/\/mediaco-groupe.com\/fr\/"},{"@type":"ListItem","position":2,"name":"Politique de Confidentialit\u00e9 &#038; Gestion des cookies"}]},{"@type":"WebSite","@id":"https:\/\/mediaco-groupe.com\/fr\/#website","url":"https:\/\/mediaco-groupe.com\/fr\/","name":"Location et vente de nacelles, grues, mat\u00e9riels de levage - Mediaco","description":"Premier r\u00e9seau en France dans le Levage et la Manutention","publisher":{"@id":"https:\/\/mediaco-groupe.com\/fr\/#organization"},"potentialAction":[{"@type":"SearchAction","target":{"@type":"EntryPoint","urlTemplate":"https:\/\/mediaco-groupe.com\/fr\/?s={search_term_string}"},"query-input":{"@type":"PropertyValueSpecification","valueRequired":true,"valueName":"search_term_string"}}],"inLanguage":"fr-FR"},{"@type":"Organization","@id":"https:\/\/mediaco-groupe.com\/fr\/#organization","name":"Mediaco Levage","url":"https:\/\/mediaco-groupe.com\/fr\/","logo":{"@type":"ImageObject","inLanguage":"fr-FR","@id":"https:\/\/mediaco-groupe.com\/fr\/#\/schema\/logo\/image\/","url":"https:\/\/mediaco-groupe.com\/wp-content\/uploads\/2022\/01\/logo-mediaco.svg","contentUrl":"https:\/\/mediaco-groupe.com\/wp-content\/uploads\/2022\/01\/logo-mediaco.svg","width":590,"height":72,"caption":"Mediaco Levage"},"image":{"@id":"https:\/\/mediaco-groupe.com\/fr\/#\/schema\/logo\/image\/"},"sameAs":["https:\/\/www.facebook.com\/GroupeMediaco","https:\/\/x.com\/GroupeMediaco","https:\/\/www.linkedin.com\/company\/mediaco\/","https:\/\/www.youtube.com\/MediacoLevage","https:\/\/www.instagram.com\/groupemediaco\/"]}]}},"_links":{"self":[{"href":"https:\/\/mediaco-groupe.com\/fr\/wp-json\/wp\/v2\/pages\/15622","targetHints":{"allow":["GET"]}}],"collection":[{"href":"https:\/\/mediaco-groupe.com\/fr\/wp-json\/wp\/v2\/pages"}],"about":[{"href":"https:\/\/mediaco-groupe.com\/fr\/wp-json\/wp\/v2\/types\/page"}],"author":[{"embeddable":true,"href":"https:\/\/mediaco-groupe.com\/fr\/wp-json\/wp\/v2\/users\/1"}],"replies":[{"embeddable":true,"href":"https:\/\/mediaco-groupe.com\/fr\/wp-json\/wp\/v2\/comments?post=15622"}],"version-history":[{"count":1,"href":"https:\/\/mediaco-groupe.com\/fr\/wp-json\/wp\/v2\/pages\/15622\/revisions"}],"predecessor-version":[{"id":26476,"href":"https:\/\/mediaco-groupe.com\/fr\/wp-json\/wp\/v2\/pages\/15622\/revisions\/26476"}],"wp:attachment":[{"href":"https:\/\/mediaco-groupe.com\/fr\/wp-json\/wp\/v2\/media?parent=15622"}],"curies":[{"name":"wp","href":"https:\/\/api.w.org\/{rel}","templated":true}]}}